{"id":7281,"date":"2019-05-19T12:58:21","date_gmt":"2019-05-19T10:58:21","guid":{"rendered":"https:\/\/www.inshotturcambrils.com\/estudios\/ptt-auxiliar-de-vendes-oficina-atencio-public\/"},"modified":"2023-03-08T12:56:08","modified_gmt":"2023-03-08T11:56:08","slug":"ptt-auxiliar-de-ventas-oficina-atencion-al-publico","status":"publish","type":"page","link":"https:\/\/www.inshotturcambrils.com\/es\/estudios\/ptt-auxiliar-de-ventas-oficina-atencion-al-publico\/","title":{"rendered":"PTT Auxiliar de ventas, oficina y atenci\u00f3n al p\u00fablico"},"content":{"rendered":"[vc_row type=&#8221;full_width_background&#8221; full_screen_row_position=&#8221;middle&#8221; column_margin=&#8221;default&#8221; column_direction=&#8221;default&#8221; column_direction_tablet=&#8221;default&#8221; column_direction_phone=&#8221;default&#8221; bg_color=&#8221;#454156&#8243; bg_image=&#8221;6961&#8243; bg_position=&#8221;center center&#8221; bg_repeat=&#8221;no-repeat&#8221; scene_position=&#8221;center&#8221; top_padding=&#8221;9%&#8221; bottom_padding=&#8221;9%&#8221; text_color=&#8221;light&#8221; text_align=&#8221;left&#8221; row_border_radius=&#8221;none&#8221; row_border_radius_applies=&#8221;bg&#8221; id=&#8221;intro&#8221; row_name=&#8221;Intro&#8221; enable_gradient=&#8221;true&#8221; color_overlay=&#8221;#0a0a0a&#8221; color_overlay_2=&#8221;rgba(102,102,102,0.74)&#8221; overlay_strength=&#8221;0.95&#8243; gradient_direction=&#8221;left_b_to_right_t&#8221; shape_divider_position=&#8221;bottom&#8221; bg_image_animation=&#8221;none&#8221; shape_type=&#8221;&#8221;][vc_column column_padding=&#8221;padding-6-percent&#8221; column_padding_tablet=&#8221;inherit&#8221; column_padding_phone=&#8221;inherit&#8221; column_padding_position=&#8221;all&#8221; centered_text=&#8221;true&#8221; background_color_opacity=&#8221;1&#8243; background_hover_color_opacity=&#8221;1&#8243; column_shadow=&#8221;none&#8221; column_border_radius=&#8221;none&#8221; column_link_target=&#8221;_self&#8221; gradient_direction=&#8221;left_to_right&#8221; overlay_strength=&#8221;0.3&#8243; width=&#8221;1\/1&#8243; tablet_width_inherit=&#8221;default&#8221; tablet_text_alignment=&#8221;default&#8221; phone_text_alignment=&#8221;default&#8221; column_border_width=&#8221;none&#8221; column_border_style=&#8221;solid&#8221; bg_image_animation=&#8221;none&#8221;][vc_row_inner column_margin=&#8221;default&#8221; column_direction=&#8221;default&#8221; column_direction_tablet=&#8221;default&#8221; column_direction_phone=&#8221;default&#8221; text_align=&#8221;left&#8221;][vc_column_inner column_padding=&#8221;no-extra-padding&#8221; column_padding_tablet=&#8221;inherit&#8221; column_padding_phone=&#8221;inherit&#8221; column_padding_position=&#8221;all&#8221; background_color_opacity=&#8221;1&#8243; background_hover_color_opacity=&#8221;1&#8243; column_shadow=&#8221;none&#8221; column_border_radius=&#8221;none&#8221; column_link_target=&#8221;_self&#8221; gradient_direction=&#8221;left_to_right&#8221; overlay_strength=&#8221;0.3&#8243; width=&#8221;1\/1&#8243; tablet_width_inherit=&#8221;default&#8221; column_border_width=&#8221;none&#8221; column_border_style=&#8221;solid&#8221; bg_image_animation=&#8221;none&#8221; enable_animation=&#8221;true&#8221; animation=&#8221;fade-in-from-bottom&#8221;][vc_custom_heading text=&#8221;PTT Auxiliar de ventas, oficina y atenci\u00f3n al p\u00fablico&#8221; font_container=&#8221;tag:h2|font_size:85|text_align:center|color:%23ffffff|line_height:93px&#8221; google_fonts=&#8221;font_family:Playfair%20Display%3Aregular%2Citalic%2C700%2C700italic%2C900%2C900italic|font_style:400%20regular%3A400%3Anormal&#8221;][\/vc_column_inner][\/vc_row_inner][vc_row_inner column_margin=&#8221;default&#8221; column_direction=&#8221;default&#8221; column_direction_tablet=&#8221;default&#8221; column_direction_phone=&#8221;default&#8221; text_align=&#8221;left&#8221; css=&#8221;.vc_custom_1485550874781{margin-top: -10px !important;}&#8221;][vc_column_inner column_padding=&#8221;no-extra-padding&#8221; column_padding_tablet=&#8221;inherit&#8221; column_padding_phone=&#8221;inherit&#8221; column_padding_position=&#8221;all&#8221; background_color_opacity=&#8221;1&#8243; background_hover_color_opacity=&#8221;1&#8243; column_shadow=&#8221;none&#8221; column_border_radius=&#8221;none&#8221; column_link_target=&#8221;_self&#8221; gradient_direction=&#8221;left_to_right&#8221; overlay_strength=&#8221;0.3&#8243; width=&#8221;1\/1&#8243; tablet_width_inherit=&#8221;default&#8221; column_border_width=&#8221;none&#8221; column_border_style=&#8221;solid&#8221; bg_image_animation=&#8221;none&#8221; enable_animation=&#8221;true&#8221; animation=&#8221;fade-in-from-bottom&#8221; delay=&#8221;100&#8243;][vc_custom_heading text=&#8221;El Plan de Transici\u00f3n al Trabajo es una modalidad del programa de formaci\u00f3n e inserci\u00f3n (PFI).&#8221; font_container=&#8221;tag:p|text_align:center|color:rgba(255%2C255%2C255%2C0.7)&#8221; use_theme_fonts=&#8221;yes&#8221;][\/vc_column_inner][\/vc_row_inner][vc_row_inner column_margin=&#8221;default&#8221; column_direction=&#8221;default&#8221; column_direction_tablet=&#8221;default&#8221; column_direction_phone=&#8221;default&#8221; text_align=&#8221;left&#8221;][vc_column_inner column_padding=&#8221;padding-4-percent&#8221; column_padding_tablet=&#8221;inherit&#8221; column_padding_phone=&#8221;inherit&#8221; column_padding_position=&#8221;all&#8221; background_color_opacity=&#8221;1&#8243; background_hover_color_opacity=&#8221;1&#8243; column_shadow=&#8221;none&#8221; column_border_radius=&#8221;none&#8221; column_link_target=&#8221;_self&#8221; gradient_direction=&#8221;left_to_right&#8221; overlay_strength=&#8221;0.3&#8243; width=&#8221;1\/1&#8243; tablet_width_inherit=&#8221;default&#8221; column_border_width=&#8221;none&#8221; column_border_style=&#8221;solid&#8221; bg_image_animation=&#8221;none&#8221; enable_animation=&#8221;true&#8221; animation=&#8221;grow-in&#8221; delay=&#8221;200&#8243;][nectar_btn size=&#8221;large&#8221; button_style=&#8221;regular&#8221; button_color_2=&#8221;Accent-Color&#8221; icon_family=&#8221;iconsmind&#8221; url=&#8221;https:\/\/www.inshotturcambrils.com\/wp-content\/uploads\/2023\/03\/3-FITXA-Perfil-Aux.-Vendes-oficina-i-att.-al-public-1.pdf&#8221; text=&#8221;Desc\u00e1rgate la ficha&#8221; icon_iconsmind=&#8221;iconsmind-Triangle-ArrowRight&#8221;][\/vc_column_inner][\/vc_row_inner][\/vc_column][\/vc_row][vc_row type=&#8221;full_width_background&#8221; full_screen_row_position=&#8221;middle&#8221; column_margin=&#8221;default&#8221; column_direction=&#8221;default&#8221; column_direction_tablet=&#8221;default&#8221; column_direction_phone=&#8221;default&#8221; bg_color=&#8221;#ffffff&#8221; scene_position=&#8221;center&#8221; top_padding=&#8221;7%&#8221; bottom_padding=&#8221;7%&#8221; text_color=&#8221;dark&#8221; text_align=&#8221;left&#8221; row_border_radius=&#8221;none&#8221; row_border_radius_applies=&#8221;bg&#8221; overlay_strength=&#8221;0.3&#8243; gradient_direction=&#8221;left_to_right&#8221; shape_divider_position=&#8221;bottom&#8221; bg_image_animation=&#8221;none&#8221; shape_type=&#8221;&#8221;][vc_column column_padding=&#8221;padding-2-percent&#8221; column_padding_tablet=&#8221;inherit&#8221; column_padding_phone=&#8221;inherit&#8221; column_padding_position=&#8221;all&#8221; background_color_opacity=&#8221;1&#8243; background_hover_color_opacity=&#8221;1&#8243; column_shadow=&#8221;none&#8221; column_border_radius=&#8221;none&#8221; column_link_target=&#8221;_self&#8221; gradient_direction=&#8221;left_to_right&#8221; overlay_strength=&#8221;0.3&#8243; width=&#8221;2\/3&#8243; tablet_width_inherit=&#8221;default&#8221; tablet_text_alignment=&#8221;default&#8221; phone_text_alignment=&#8221;default&#8221; column_border_width=&#8221;none&#8221; column_border_style=&#8221;solid&#8221; bg_image_animation=&#8221;none&#8221;][toggles style=&#8221;minimal&#8221; accordion=&#8221;true&#8221;][toggle color=&#8221;Default&#8221; title=&#8221;\u00bfQu\u00e9 es?&#8221;][vc_column_text]El Plan de Transici\u00f3n al Trabajo es una modalidad del programa de formaci\u00f3n e inserci\u00f3n (PFI). Es un programa formativo para proporcionar formaci\u00f3n en un \u00e1mbito profesional a j\u00f3venes que han finalizado la ESO sin graduarse.<\/p>\n<p>El PPT Auxiliar de vendes, oficina i atenci\u00f3 al p\u00fablic capacita per dur a terme tasques auxiliars de comercialitzaci\u00f3, marxandatge i emmagatzematge de productes i mercaderies, aix\u00ed com organitzar els procediments administratius d&#8217;aquesta activitat.<\/p>\n<p>Tiene una duraci\u00f3n total de 1.000 horas, un curso acad\u00e9mico.<\/p>\n<p>El programa est\u00e1 dise\u00f1ado para proporcionar a chicos y chicas recursos personales y profesionales a fin de que puedan:<\/p>\n<ul>\n<li>encontrar trabajo.<\/li>\n<li>y \/ o continuar su formaci\u00f3n en un ciclo formativo de grado medio tras superar las pruebas de acceso o en otras acciones de formaci\u00f3n.<\/li>\n<\/ul>\n[\/vc_column_text][\/toggle][toggle color=&#8221;Default&#8221; title=&#8221;\u00bfQu\u00e9 se propone?&#8221;][vc_column_text]Que la juventud conozca directamente el mundo laboral, las profesiones existentes y los requerimientos y recursos para acceder a un puesto de trabajo; curse una formaci\u00f3n profesional que le facilite el acceso al mundo laboral y se replantee continuar su formaci\u00f3n.<\/p>\n<p>Que las empresas colaboren en el proceso de formaci\u00f3n y planteen ofertas de trabajo a los participantes en el programa.<br \/>\n[\/vc_column_text][\/toggle][toggle color=&#8221;Default&#8221; title=&#8221;\u00bfA qui\u00e9n se dirige?&#8221;][vc_column_text]El PTT se dirige a chicos y chicas de entre 16 y 21 a\u00f1os, que al acabar la ense\u00f1anza obligatoria no han conseguido el graduado en Educaci\u00f3n Secundaria.[\/vc_column_text][\/toggle][toggle color=&#8221;Default&#8221; title=&#8221;\u00bfQui\u00e9n lo organiza?&#8221;][vc_column_text]Es un programa organizado conjuntamente por el Departamento de Educaci\u00f3n y el <a href=\"https:\/\/www.cambrils.cat\/ocupacio\/formacio\/pqpi-ptt\" target=\"_blank\" rel=\"noopener noreferrer\">Ayuntamiento de Cambrils<\/a>. Con el apoyo del Departamento de Trabajo de la Generalidad de Catalu\u00f1a y el Fondo Social Europeo.[\/vc_column_text][\/toggle][toggle color=&#8221;Default&#8221; title=&#8221;\u00bfQu\u00e9 ofrece?&#8221;][vc_column_text]Informaci\u00f3n sobre el mundo de las profesiones, el funcionamiento del mercado laboral y las v\u00edas para acceder.<\/p>\n<p>Orientaci\u00f3n para que cada joven analice las capacidades, los intereses y los recursos propios.<\/p>\n<p>Formaci\u00f3n profesional de primer nivel, que facilite las competencias necesarias para acceder a un sector profesional y refuerzo de las competencias b\u00e1sicas. Seguimiento individualizado y acompa\u00f1amiento en la inserci\u00f3n.[\/vc_column_text][\/toggle][toggle color=&#8221;Default&#8221; title=&#8221;\u00bfC\u00f3mo se organiza?&#8221;][vc_column_text css=&#8221;.vc_custom_1561743032284{margin-bottom: 40px !important;}&#8221;]El programa se estructura en tres fases:<\/p>\n<ul>\n<li><strong> Fase 1: Formaci\u00f3n general para el trabajo (octubre-diciembre: 200 horas) <\/strong><\/li>\n<li>Conocer la empresa y la legislaci\u00f3n laboral.<\/li>\n<li>Aprender el uso del ordenador como herramienta de trabajo. Inform\u00e1tica aplicada.<\/li>\n<li>Ampliar los conocimientos generales.<\/li>\n<li>Aprender a buscar trabajo: t\u00e9cnicas y recursos.<\/li>\n<\/ul>\n<ul>\n<li><strong> Fase 2: Formaci\u00f3n profesionalizadora (enero-junio: 960 horas) <\/strong><\/li>\n<li>Se ofrece formaci\u00f3n en: <strong> &#8220;Auxiliar de Hosteler\u00eda: Cocina y Servicios de Restauraci\u00f3n&#8221;. <\/strong> Incluye:<\/li>\n<li>400 horas de formaci\u00f3n te\u00f3rico-pr\u00e1cticas<\/li>\n<li>200 horas de pr\u00e1cticas en empresas del sector<\/li>\n<li>Posibilidad de realizaci\u00f3n de pr\u00e1cticas en el extranjero<\/li>\n<\/ul>\n<ul>\n<li><strong> Fase 3: Acompa\u00f1amiento a la inserci\u00f3n <\/strong> (junio y durante el a\u00f1o posterior)<\/li>\n<li>Seguimiento y asesoramiento en el proceso de b\u00fasqueda de trabajo y \/ o en acciones formativas posteriores<\/li>\n<\/ul>\n<p><strong> M\u00f3dulos de formaci\u00f3n profesional (entre 615 y 665 horas) <\/strong><\/p>\n<ul>\n<li>T\u00e9cnicas Elementales de Servicio<\/li>\n<li>Procesos B\u00e1sicos de Preparaci\u00f3n de Alimentos y Bebidas<\/li>\n<li>Aprovisionamiento, Preelaboraci\u00f3n y Conservaci\u00f3n Culinarias<\/li>\n<li>Elaboraci\u00f3n Culinaria B\u00e1sica<\/li>\n<li>Proyecto Integrado<\/li>\n<li>Formaci\u00f3n B\u00e1sica en Prevenci\u00f3n de Riesgos Laborales<\/li>\n<li>Formaci\u00f3n Pr\u00e1ctica en Empresas (m\u00ednimo 180 horas)<\/li>\n<\/ul>\n<p><strong> M\u00f3dulos de formaci\u00f3n general (entre 295 y 345 horas) <\/strong><\/p>\n<ul>\n<li>Estrategias y Herramientas de Comunicaci\u00f3n<\/li>\n<li>Entorno Social y Territorial<\/li>\n<li>Estrategias y Herramientas Matem\u00e1ticas<\/li>\n<li>Incorporaci\u00f3n al Mundo Profesional<\/li>\n<\/ul>\n<p><strong> Tutor\u00eda, seguimiento y orientaci\u00f3n personalizada (40 horas) <\/strong><br \/>\nIncluyen:<br \/>\nCualificaci\u00f3n profesional completa: HOT092_1: Operaciones b\u00e1sicas de restaurante y bar.[\/vc_column_text][\/toggle][toggle color=&#8221;Default&#8221; title=&#8221;\u00bfQu\u00e9 se obtiene al finalizar el PTT?&#8221;][vc_column_text]La superaci\u00f3n de este programa de formaci\u00f3n e inserci\u00f3n (PFI) comporta:<\/p>\n<ul>\n<li style=\"list-style-type: none;\">\n<ul>\n<li>Certificaci\u00f3n acad\u00e9mica y profesional que contiene la calificaci\u00f3n final obtenida en el programa de formaci\u00f3n e inserci\u00f3n (PFI) y acredita las competencias profesionales alcanzadas.<\/li>\n<li>Mejores posibilidades para la superaci\u00f3n de la prueba de acceso a los <a href=\"http:\/\/www.inshotturcambrils.com\/es\/estudios\/\">ciclos formativos de grado medio <\/a>.<\/li>\n<li>Reconocimiento de los m\u00f3dulos profesionales superados en el programa de formaci\u00f3n e inserci\u00f3n (PFI) para la obtenci\u00f3n del t\u00edtulo profesional b\u00e1sico asociado al perfil.<\/li>\n<li>Obtenci\u00f3n del certificado de profesionalidad COMT0211- Operaciones b\u00e1sicas de restaurante y bar, que emite la Administraci\u00f3n laboral.<\/li>\n<li>Acceso a los centros de formaci\u00f3n de adultos para obtener el GESO, sin cumplir el requisito de tener 18 a\u00f1os.<\/li>\n<\/ul>\n<\/li>\n<\/ul>\n[\/vc_column_text][\/toggle][\/toggles][\/vc_column][vc_column column_padding=&#8221;padding-2-percent&#8221; column_padding_tablet=&#8221;inherit&#8221; column_padding_phone=&#8221;inherit&#8221; column_padding_position=&#8221;all&#8221; background_color_opacity=&#8221;1&#8243; background_hover_color_opacity=&#8221;1&#8243; column_shadow=&#8221;none&#8221; column_border_radius=&#8221;none&#8221; column_link_target=&#8221;_self&#8221; gradient_direction=&#8221;left_to_right&#8221; overlay_strength=&#8221;0.3&#8243; width=&#8221;1\/3&#8243; tablet_width_inherit=&#8221;default&#8221; tablet_text_alignment=&#8221;default&#8221; phone_text_alignment=&#8221;default&#8221; column_border_width=&#8221;none&#8221; column_border_style=&#8221;solid&#8221; bg_image_animation=&#8221;none&#8221;][vc_column_text][kkstarratings][\/vc_column_text][vc_custom_heading text=&#8221;PFI CM01<br \/>\nAuxiliar de Ventas, Oficina y Atenci\u00f3n al P\u00fablico&#8221; font_container=&#8221;tag:h5|font_size:16|text_align:left|color:%230a0a0a&#8221; google_fonts=&#8221;font_family:Roboto%3A100%2C100italic%2C300%2C300italic%2Cregular%2Citalic%2C500%2C500italic%2C700%2C700italic%2C900%2C900italic|font_style:700%20bold%20regular%3A700%3Anormal&#8221;][vc_column_text css=&#8221;.vc_custom_1590059476125{margin-bottom: 40px !important;}&#8221;]<span style=\"color: #ff6f3d;\">\u2713 <\/span>1 curso acad\u00e9mico (1ooo horas).<br \/>\n<span style=\"color: #ff6f3d;\">\u2713<\/span> 1 t\u00edtulo oficial:<br \/>\n<a href=\"http:\/\/queestudiar.gencat.cat\/ca\/estudis\/pfi\/cicles\/comerc-marqueting\/?p_id=2770&amp;estudi\" target=\"_blank\" rel=\"noopener noreferrer\">COMT0211 Actividades auxiliares de comercio, que emite la Administraci\u00f3n laboral<\/a><br \/>\n<a href=\"https:\/\/dogc.gencat.cat\/ca\/pdogc_canals_interns\/pdogc_resultats_fitxa\/?action=fitxa&amp;documentId=845314&amp;language=ca_ES\" target=\"_blank\" rel=\"noopener noreferrer\">Resoluci\u00f3n EDU\/735\/2019, de 20 de marzo<\/a><br \/>\n<span style=\"color: #ff6f3d;\">\u2713<\/span> 180 horas FCT.<br \/>\n<span style=\"color: #ff6f3d;\">\u2713<\/span> Horarios: lun. a vi. de 8:30h a 15h.[\/vc_column_text][nectar_btn size=&#8221;large&#8221; button_style=&#8221;regular&#8221; button_color_2=&#8221;Accent-Color&#8221; icon_family=&#8221;iconsmind&#8221; url=&#8221;https:\/\/www.inshotturcambrils.com\/wp-content\/uploads\/2023\/03\/3-FITXA-Perfil-Aux.-Vendes-oficina-i-att.-al-public-1.pdf&#8221; text=&#8221;Desc\u00e1rgate la ficha&#8221; icon_iconsmind=&#8221;iconsmind-Triangle-ArrowRight&#8221;][divider line_type=&#8221;No Line&#8221;][vc_video link=&#8221;https:\/\/www.youtube.com\/watch?v=p2VjjkjJKrQ&amp;t=1s&#8221;][vc_custom_heading text=&#8221;Preinscripci\u00f3n y matr\u00edcula&#8221; font_container=&#8221;tag:h5|font_size:16|text_align:left|color:%230a0a0a&#8221; google_fonts=&#8221;font_family:Roboto%3A100%2C100italic%2C300%2C300italic%2Cregular%2Citalic%2C500%2C500italic%2C700%2C700italic%2C900%2C900italic|font_style:700%20bold%20regular%3A700%3Anormal&#8221;][vc_column_text css=&#8221;.vc_custom_1590059458877{margin-bottom: 40px !important;}&#8221;]El periodo de <a href=\"http:\/\/queestudiar.gencat.cat\/ca\/preinscripcio\/estudis\/pfi\/\" target=\"_blank\" rel=\"noopener noreferrer\">preinscripci\u00f3n y matr\u00edcula<\/a> es del 25 de mayo al 5 de junio de 2020. Se realiza de forma telem\u00e1tica.[\/vc_column_text][nectar_btn size=&#8221;large&#8221; button_style=&#8221;regular&#8221; button_color_2=&#8221;Accent-Color&#8221; icon_family=&#8221;iconsmind&#8221; url=&#8221;mailto:e3960026@xtec.cat&#8221; text=&#8221;\u00a1Matric\u00falate!&#8221; icon_iconsmind=&#8221;iconsmind-Triangle-ArrowRight&#8221;][\/vc_column][\/vc_row][vc_row type=&#8221;full_width_background&#8221; full_screen_row_position=&#8221;middle&#8221; column_margin=&#8221;default&#8221; column_direction=&#8221;default&#8221; column_direction_tablet=&#8221;default&#8221; column_direction_phone=&#8221;default&#8221; bg_color=&#8221;#ffffff&#8221; scene_position=&#8221;center&#8221; bottom_padding=&#8221;7%&#8221; text_color=&#8221;dark&#8221; text_align=&#8221;left&#8221; row_border_radius=&#8221;none&#8221; row_border_radius_applies=&#8221;bg&#8221; overlay_strength=&#8221;0.3&#8243; gradient_direction=&#8221;left_to_right&#8221; shape_divider_position=&#8221;bottom&#8221; bg_image_animation=&#8221;none&#8221; shape_type=&#8221;&#8221;][vc_column column_padding=&#8221;padding-1-percent&#8221; column_padding_tablet=&#8221;inherit&#8221; column_padding_phone=&#8221;inherit&#8221; column_padding_position=&#8221;all&#8221; centered_text=&#8221;true&#8221; background_color_opacity=&#8221;1&#8243; background_hover_color_opacity=&#8221;1&#8243; column_shadow=&#8221;none&#8221; column_border_radius=&#8221;none&#8221; column_link_target=&#8221;_self&#8221; gradient_direction=&#8221;left_to_right&#8221; overlay_strength=&#8221;0.3&#8243; width=&#8221;1\/3&#8243; tablet_width_inherit=&#8221;default&#8221; tablet_text_alignment=&#8221;default&#8221; phone_text_alignment=&#8221;default&#8221; column_border_width=&#8221;none&#8221; column_border_style=&#8221;solid&#8221; bg_image_animation=&#8221;none&#8221;][vc_raw_html]JTNDYSUyMGRhdGEtZmxpY2tyLWVtYmVkJTNEJTIydHJ1ZSUyMiUyMCUyMGhyZWYlM0QlMjJodHRwcyUzQSUyRiUyRnd3dy5mbGlja3IuY29tJTJGcGhvdG9zJTJGZGVwYW9jYW1icmlscyUyRjM4MzI3MzE3MDklMkYlMjIlMjB0aXRsZSUzRCUyMlBUVCUyMENhbWJyaWxzJTIwLSUyMEF1eGlsaWFyJTIwZGUlMjB2ZW5kZXMlMkMlMjBvZmljaW5hJTIwaSUyMGF0ZW5jaSVDMyVCMyUyMGFsJTIwcCVDMyVCQWJsaWMlMjAtJTIwVGFsbGVyJTIwZW1iYWxhdGdlJTIwLSUyMDMlMjIlM0UlM0NpbWclMjBzcmMlM0QlMjJodHRwcyUzQSUyRiUyRmxpdmUuc3RhdGljZmxpY2tyLmNvbSUyRjM1MzglMkYzODMyNzMxNzA5Xzg2MjcxMzM5YzlfYi5qcGclMjIlMjB3aWR0aCUzRCUyMjEwMjQlMjIlMjBoZWlnaHQlM0QlMjI3NjglMjIlMjBhbHQlM0QlMjJQVFQlMjBDYW1icmlscyUyMC0lMjBBdXhpbGlhciUyMGRlJTIwdmVuZGVzJTJDJTIwb2ZpY2luYSUyMGklMjBhdGVuY2klQzMlQjMlMjBhbCUyMHAlQzMlQkFibGljJTIwLSUyMFRhbGxlciUyMGVtYmFsYXRnZSUyMC0lMjAzJTIyJTNFJTNDJTJGYSUzRSUzQ3NjcmlwdCUyMGFzeW5jJTIwc3JjJTNEJTIyJTJGJTJGZW1iZWRyLmZsaWNrci5jb20lMkZhc3NldHMlMkZjbGllbnQtY29kZS5qcyUyMiUyMGNoYXJzZXQlM0QlMjJ1dGYtOCUyMiUzRSUzQyUyRnNjcmlwdCUzRQ==[\/vc_raw_html][\/vc_column][vc_column column_padding=&#8221;padding-1-percent&#8221; column_padding_tablet=&#8221;inherit&#8221; column_padding_phone=&#8221;inherit&#8221; column_padding_position=&#8221;all&#8221; centered_text=&#8221;true&#8221; background_color_opacity=&#8221;1&#8243; background_hover_color_opacity=&#8221;1&#8243; column_shadow=&#8221;none&#8221; column_border_radius=&#8221;none&#8221; column_link_target=&#8221;_self&#8221; gradient_direction=&#8221;left_to_right&#8221; overlay_strength=&#8221;0.3&#8243; width=&#8221;1\/3&#8243; tablet_width_inherit=&#8221;default&#8221; tablet_text_alignment=&#8221;default&#8221; phone_text_alignment=&#8221;default&#8221; column_border_width=&#8221;none&#8221; column_border_style=&#8221;solid&#8221; bg_image_animation=&#8221;none&#8221;][vc_raw_html]JTNDYSUyMGRhdGEtZmxpY2tyLWVtYmVkJTNEJTIydHJ1ZSUyMiUyMCUyMGhyZWYlM0QlMjJodHRwcyUzQSUyRiUyRnd3dy5mbGlja3IuY29tJTJGcGhvdG9zJTJGZGVwYW9jYW1icmlscyUyRjM4MzMyNDQyMjAlMkYlMjIlMjB0aXRsZSUzRCUyMlBUVCUyMENhbWJyaWxzJTIwLSUyMFByb2plY3RlJTIwSW50ZWdyYXQlMjAyMDA5JTIwLSUyMEF1eGlsaWFyJTIwZGUlMjB2ZW5kZXMlMkMlMjBvZmljaW5hJTIwaSUyMGF0ZW5jaSVDMyVCMyUyMGFsJTIwcCVDMyVCQWJsaWMlMjAtJTIwRWxzJTIwaW5pY2lzJTIwZGVsJTIwcHJvamVjdGUlMjAtJTIwMSUyMiUzRSUzQ2ltZyUyMHNyYyUzRCUyMmh0dHBzJTNBJTJGJTJGbGl2ZS5zdGF0aWNmbGlja3IuY29tJTJGMjU1NCUyRjM4MzMyNDQyMjBfZTk2ZDc4MjZlZl9iLmpwZyUyMiUyMHdpZHRoJTNEJTIyMTAyNCUyMiUyMGhlaWdodCUzRCUyMjc2OCUyMiUyMGFsdCUzRCUyMlBUVCUyMENhbWJyaWxzJTIwLSUyMFByb2plY3RlJTIwSW50ZWdyYXQlMjAyMDA5JTIwLSUyMEF1eGlsaWFyJTIwZGUlMjB2ZW5kZXMlMkMlMjBvZmljaW5hJTIwaSUyMGF0ZW5jaSVDMyVCMyUyMGFsJTIwcCVDMyVCQWJsaWMlMjAtJTIwRWxzJTIwaW5pY2lzJTIwZGVsJTIwcHJvamVjdGUlMjAtJTIwMSUyMiUzRSUzQyUyRmElM0UlM0NzY3JpcHQlMjBhc3luYyUyMHNyYyUzRCUyMiUyRiUyRmVtYmVkci5mbGlja3IuY29tJTJGYXNzZXRzJTJGY2xpZW50LWNvZGUuanMlMjIlMjBjaGFyc2V0JTNEJTIydXRmLTglMjIlM0UlM0MlMkZzY3JpcHQlM0U=[\/vc_raw_html][\/vc_column][vc_column column_padding=&#8221;padding-1-percent&#8221; column_padding_tablet=&#8221;inherit&#8221; column_padding_phone=&#8221;inherit&#8221; column_padding_position=&#8221;all&#8221; centered_text=&#8221;true&#8221; background_color_opacity=&#8221;1&#8243; background_hover_color_opacity=&#8221;1&#8243; column_shadow=&#8221;none&#8221; column_border_radius=&#8221;none&#8221; column_link_target=&#8221;_self&#8221; gradient_direction=&#8221;left_to_right&#8221; overlay_strength=&#8221;0.3&#8243; width=&#8221;1\/3&#8243; tablet_width_inherit=&#8221;default&#8221; tablet_text_alignment=&#8221;default&#8221; phone_text_alignment=&#8221;default&#8221; column_border_width=&#8221;none&#8221; column_border_style=&#8221;solid&#8221; bg_image_animation=&#8221;none&#8221;][vc_raw_html]JTNDYSUyMGRhdGEtZmxpY2tyLWVtYmVkJTNEJTIydHJ1ZSUyMiUyMCUyMGhyZWYlM0QlMjJodHRwcyUzQSUyRiUyRnd3dy5mbGlja3IuY29tJTJGcGhvdG9zJTJGZGVwYW9jYW1icmlscyUyRjM4MzI0NjMzNzklMkYlMjIlMjB0aXRsZSUzRCUyMlBUVCUyMENhbWJyaWxzJTIwLSUyMFByb2plY3RlJTIwSW50ZWdyYXQlMjAyMDA5JTIwLSUyMFBlcmZ1bWVyaWElMjBJbXByZXNzaW9uYSUzQSUyMEwlMjYlMjN4MjclM0Jhc3NhaWclMjBmaW5hbCUyMC0lMjA4JTIyJTNFJTNDaW1nJTIwc3JjJTNEJTIyaHR0cHMlM0ElMkYlMkZsaXZlLnN0YXRpY2ZsaWNrci5jb20lMkYyNTc0JTJGMzgzMjQ2MzM3OV8wYjI2ZTYwNjY4X2IuanBnJTIyJTIwd2lkdGglM0QlMjIxMDI0JTIyJTIwaGVpZ2h0JTNEJTIyNzY4JTIyJTIwYWx0JTNEJTIyUFRUJTIwQ2FtYnJpbHMlMjAtJTIwUHJvamVjdGUlMjBJbnRlZ3JhdCUyMDIwMDklMjAtJTIwUGVyZnVtZXJpYSUyMEltcHJlc3Npb25hJTNBJTIwTCUyNiUyM3gyNyUzQmFzc2FpZyUyMGZpbmFsJTIwLSUyMDglMjIlM0UlM0MlMkZhJTNFJTNDc2NyaXB0JTIwYXN5bmMlMjBzcmMlM0QlMjIlMkYlMkZlbWJlZHIuZmxpY2tyLmNvbSUyRmFzc2V0cyUyRmNsaWVudC1jb2RlLmpzJTIyJTIwY2hhcnNldCUzRCUyMnV0Zi04JTIyJTNFJTNDJTJGc2NyaXB0JTNF[\/vc_raw_html][\/vc_column][\/vc_row]\n","protected":false},"excerpt":{"rendered":"<p>[vc_row type=&#8221;full_width_background&#8221; full_screen_row_position=&#8221;middle&#8221; column_margin=&#8221;default&#8221; column_direction=&#8221;default&#8221; column_direction_tablet=&#8221;default&#8221; column_direction_phone=&#8221;default&#8221; bg_color=&#8221;#454156&#8243; bg_image=&#8221;6961&#8243; bg_position=&#8221;center center&#8221; bg_repeat=&#8221;no-repeat&#8221; scene_position=&#8221;center&#8221; top_padding=&#8221;9%&#8221; bottom_padding=&#8221;9%&#8221; text_color=&#8221;light&#8221; text_align=&#8221;left&#8221; row_border_radius=&#8221;none&#8221; row_border_radius_applies=&#8221;bg&#8221; id=&#8221;intro&#8221; row_name=&#8221;Intro&#8221; enable_gradient=&#8221;true&#8221; color_overlay=&#8221;#0a0a0a&#8221; color_overlay_2=&#8221;rgba(102,102,102,0.74)&#8221; overlay_strength=&#8221;0.95&#8243; gradient_direction=&#8221;left_b_to_right_t&#8221; shape_divider_position=&#8221;bottom&#8221; bg_image_animation=&#8221;none&#8221; shape_type=&#8221;&#8221;][vc_column column_padding=&#8221;padding-6-percent&#8221;&#8230;<\/p>\n","protected":false},"author":1,"featured_media":7282,"parent":7182,"menu_order":0,"comment_status":"closed","ping_status":"closed","template":"","meta":{"inline_featured_image":false,"footnotes":""},"class_list":["post-7281","page","type-page","status-publish","has-post-thumbnail"],"yoast_head":"<!-- This site is optimized with the Yoast SEO plugin v27.4 - https:\/\/yoast.com\/product\/yoast-seo-wordpress\/ -->\n<title>PTT Auxiliar de ventas, oficina y atenci\u00f3n al p\u00fablico - Institut Escola d&#039;Hoteleria i Turisme de Cambrils<\/title>\n<meta name=\"description\" content=\"Ap\u00fantate al curso PPT Auxiliar de ventas, oficina y atenci\u00f3n al p\u00fablico del Institut Escola d&#039;Hoteleria i Turisme de Cambrils.\" \/>\n<meta name=\"robots\" content=\"index, follow, max-snippet:-1, max-image-preview:large, max-video-preview:-1\" \/>\n<link rel=\"canonical\" href=\"https:\/\/www.inshotturcambrils.com\/es\/estudios\/ptt-auxiliar-de-ventas-oficina-atencion-al-publico\/\" \/>\n<meta property=\"og:locale\" content=\"es_ES\" \/>\n<meta property=\"og:type\" content=\"article\" \/>\n<meta property=\"og:title\" content=\"PTT Auxiliar de ventas, oficina y atenci\u00f3n al p\u00fablico - Institut Escola d&#039;Hoteleria i Turisme de Cambrils\" \/>\n<meta property=\"og:description\" content=\"Ap\u00fantate al curso PPT Auxiliar de ventas, oficina y atenci\u00f3n al p\u00fablico del Institut Escola d&#039;Hoteleria i Turisme de Cambrils.\" \/>\n<meta property=\"og:url\" content=\"https:\/\/www.inshotturcambrils.com\/es\/estudios\/ptt-auxiliar-de-ventas-oficina-atencion-al-publico\/\" \/>\n<meta property=\"og:site_name\" content=\"Institut Escola d&#039;Hoteleria i Turisme de Cambrils\" \/>\n<meta property=\"article:modified_time\" content=\"2023-03-08T11:56:08+00:00\" \/>\n<meta property=\"og:image\" content=\"https:\/\/www.inshotturcambrils.com\/wp-content\/uploads\/2019\/05\/ptt-auxiliar-de-vendes-cambrils.jpg\" \/>\n\t<meta property=\"og:image:width\" content=\"1200\" \/>\n\t<meta property=\"og:image:height\" content=\"800\" \/>\n\t<meta property=\"og:image:type\" content=\"image\/jpeg\" \/>\n<meta name=\"twitter:card\" content=\"summary_large_image\" \/>\n<meta name=\"twitter:label1\" content=\"Tiempo de lectura\" \/>\n\t<meta name=\"twitter:data1\" content=\"6 minutos\" \/>\n<script type=\"application\/ld+json\" class=\"yoast-schema-graph\">{\"@context\":\"https:\\\/\\\/schema.org\",\"@graph\":[{\"@type\":\"WebPage\",\"@id\":\"https:\\\/\\\/www.inshotturcambrils.com\\\/es\\\/estudios\\\/ptt-auxiliar-de-ventas-oficina-atencion-al-publico\\\/\",\"url\":\"https:\\\/\\\/www.inshotturcambrils.com\\\/es\\\/estudios\\\/ptt-auxiliar-de-ventas-oficina-atencion-al-publico\\\/\",\"name\":\"PTT Auxiliar de ventas, oficina y atenci\u00f3n al p\u00fablico - Institut Escola d&#039;Hoteleria i Turisme de Cambrils\",\"isPartOf\":{\"@id\":\"https:\\\/\\\/www.inshotturcambrils.com\\\/#website\"},\"primaryImageOfPage\":{\"@id\":\"https:\\\/\\\/www.inshotturcambrils.com\\\/es\\\/estudios\\\/ptt-auxiliar-de-ventas-oficina-atencion-al-publico\\\/#primaryimage\"},\"image\":{\"@id\":\"https:\\\/\\\/www.inshotturcambrils.com\\\/es\\\/estudios\\\/ptt-auxiliar-de-ventas-oficina-atencion-al-publico\\\/#primaryimage\"},\"thumbnailUrl\":\"https:\\\/\\\/www.inshotturcambrils.com\\\/wp-content\\\/uploads\\\/2019\\\/05\\\/ptt-auxiliar-de-vendes-cambrils.jpg\",\"datePublished\":\"2019-05-19T10:58:21+00:00\",\"dateModified\":\"2023-03-08T11:56:08+00:00\",\"description\":\"Ap\u00fantate al curso PPT Auxiliar de ventas, oficina y atenci\u00f3n al p\u00fablico del Institut Escola d'Hoteleria i Turisme de Cambrils.\",\"breadcrumb\":{\"@id\":\"https:\\\/\\\/www.inshotturcambrils.com\\\/es\\\/estudios\\\/ptt-auxiliar-de-ventas-oficina-atencion-al-publico\\\/#breadcrumb\"},\"inLanguage\":\"es\",\"potentialAction\":[{\"@type\":\"ReadAction\",\"target\":[\"https:\\\/\\\/www.inshotturcambrils.com\\\/es\\\/estudios\\\/ptt-auxiliar-de-ventas-oficina-atencion-al-publico\\\/\"]}]},{\"@type\":\"ImageObject\",\"inLanguage\":\"es\",\"@id\":\"https:\\\/\\\/www.inshotturcambrils.com\\\/es\\\/estudios\\\/ptt-auxiliar-de-ventas-oficina-atencion-al-publico\\\/#primaryimage\",\"url\":\"https:\\\/\\\/www.inshotturcambrils.com\\\/wp-content\\\/uploads\\\/2019\\\/05\\\/ptt-auxiliar-de-vendes-cambrils.jpg\",\"contentUrl\":\"https:\\\/\\\/www.inshotturcambrils.com\\\/wp-content\\\/uploads\\\/2019\\\/05\\\/ptt-auxiliar-de-vendes-cambrils.jpg\",\"width\":1200,\"height\":800,\"caption\":\"ptt auxiliar de vendes cambrils\"},{\"@type\":\"BreadcrumbList\",\"@id\":\"https:\\\/\\\/www.inshotturcambrils.com\\\/es\\\/estudios\\\/ptt-auxiliar-de-ventas-oficina-atencion-al-publico\\\/#breadcrumb\",\"itemListElement\":[{\"@type\":\"ListItem\",\"position\":1,\"name\":\"Portada\",\"item\":\"https:\\\/\\\/www.inshotturcambrils.com\\\/es\\\/\"},{\"@type\":\"ListItem\",\"position\":2,\"name\":\"Estudios\",\"item\":\"https:\\\/\\\/www.inshotturcambrils.com\\\/es\\\/estudios\\\/\"},{\"@type\":\"ListItem\",\"position\":3,\"name\":\"PTT Auxiliar de ventas, oficina y atenci\u00f3n al p\u00fablico\"}]},{\"@type\":\"WebSite\",\"@id\":\"https:\\\/\\\/www.inshotturcambrils.com\\\/#website\",\"url\":\"https:\\\/\\\/www.inshotturcambrils.com\\\/\",\"name\":\"Institut Escola d&#039;Hoteleria i Turisme de Cambrils\",\"description\":\"Formaci\u00f3 Professional en hoteleria, turisme i ind\u00fastries aliment\u00e0ries de Cambrils, d\u2019Europa i del m\u00f3n.\",\"potentialAction\":[{\"@type\":\"SearchAction\",\"target\":{\"@type\":\"EntryPoint\",\"urlTemplate\":\"https:\\\/\\\/www.inshotturcambrils.com\\\/?s={search_term_string}\"},\"query-input\":{\"@type\":\"PropertyValueSpecification\",\"valueRequired\":true,\"valueName\":\"search_term_string\"}}],\"inLanguage\":\"es\"}]}<\/script>\n<!-- \/ Yoast SEO plugin. -->","yoast_head_json":{"title":"PTT Auxiliar de ventas, oficina y atenci\u00f3n al p\u00fablico - Institut Escola d&#039;Hoteleria i Turisme de Cambrils","description":"Ap\u00fantate al curso PPT Auxiliar de ventas, oficina y atenci\u00f3n al p\u00fablico del Institut Escola d'Hoteleria i Turisme de Cambrils.","robots":{"index":"index","follow":"follow","max-snippet":"max-snippet:-1","max-image-preview":"max-image-preview:large","max-video-preview":"max-video-preview:-1"},"canonical":"https:\/\/www.inshotturcambrils.com\/es\/estudios\/ptt-auxiliar-de-ventas-oficina-atencion-al-publico\/","og_locale":"es_ES","og_type":"article","og_title":"PTT Auxiliar de ventas, oficina y atenci\u00f3n al p\u00fablico - Institut Escola d&#039;Hoteleria i Turisme de Cambrils","og_description":"Ap\u00fantate al curso PPT Auxiliar de ventas, oficina y atenci\u00f3n al p\u00fablico del Institut Escola d'Hoteleria i Turisme de Cambrils.","og_url":"https:\/\/www.inshotturcambrils.com\/es\/estudios\/ptt-auxiliar-de-ventas-oficina-atencion-al-publico\/","og_site_name":"Institut Escola d&#039;Hoteleria i Turisme de Cambrils","article_modified_time":"2023-03-08T11:56:08+00:00","og_image":[{"width":1200,"height":800,"url":"https:\/\/www.inshotturcambrils.com\/wp-content\/uploads\/2019\/05\/ptt-auxiliar-de-vendes-cambrils.jpg","type":"image\/jpeg"}],"twitter_card":"summary_large_image","twitter_misc":{"Tiempo de lectura":"6 minutos"},"schema":{"@context":"https:\/\/schema.org","@graph":[{"@type":"WebPage","@id":"https:\/\/www.inshotturcambrils.com\/es\/estudios\/ptt-auxiliar-de-ventas-oficina-atencion-al-publico\/","url":"https:\/\/www.inshotturcambrils.com\/es\/estudios\/ptt-auxiliar-de-ventas-oficina-atencion-al-publico\/","name":"PTT Auxiliar de ventas, oficina y atenci\u00f3n al p\u00fablico - Institut Escola d&#039;Hoteleria i Turisme de Cambrils","isPartOf":{"@id":"https:\/\/www.inshotturcambrils.com\/#website"},"primaryImageOfPage":{"@id":"https:\/\/www.inshotturcambrils.com\/es\/estudios\/ptt-auxiliar-de-ventas-oficina-atencion-al-publico\/#primaryimage"},"image":{"@id":"https:\/\/www.inshotturcambrils.com\/es\/estudios\/ptt-auxiliar-de-ventas-oficina-atencion-al-publico\/#primaryimage"},"thumbnailUrl":"https:\/\/www.inshotturcambrils.com\/wp-content\/uploads\/2019\/05\/ptt-auxiliar-de-vendes-cambrils.jpg","datePublished":"2019-05-19T10:58:21+00:00","dateModified":"2023-03-08T11:56:08+00:00","description":"Ap\u00fantate al curso PPT Auxiliar de ventas, oficina y atenci\u00f3n al p\u00fablico del Institut Escola d'Hoteleria i Turisme de Cambrils.","breadcrumb":{"@id":"https:\/\/www.inshotturcambrils.com\/es\/estudios\/ptt-auxiliar-de-ventas-oficina-atencion-al-publico\/#breadcrumb"},"inLanguage":"es","potentialAction":[{"@type":"ReadAction","target":["https:\/\/www.inshotturcambrils.com\/es\/estudios\/ptt-auxiliar-de-ventas-oficina-atencion-al-publico\/"]}]},{"@type":"ImageObject","inLanguage":"es","@id":"https:\/\/www.inshotturcambrils.com\/es\/estudios\/ptt-auxiliar-de-ventas-oficina-atencion-al-publico\/#primaryimage","url":"https:\/\/www.inshotturcambrils.com\/wp-content\/uploads\/2019\/05\/ptt-auxiliar-de-vendes-cambrils.jpg","contentUrl":"https:\/\/www.inshotturcambrils.com\/wp-content\/uploads\/2019\/05\/ptt-auxiliar-de-vendes-cambrils.jpg","width":1200,"height":800,"caption":"ptt auxiliar de vendes cambrils"},{"@type":"BreadcrumbList","@id":"https:\/\/www.inshotturcambrils.com\/es\/estudios\/ptt-auxiliar-de-ventas-oficina-atencion-al-publico\/#breadcrumb","itemListElement":[{"@type":"ListItem","position":1,"name":"Portada","item":"https:\/\/www.inshotturcambrils.com\/es\/"},{"@type":"ListItem","position":2,"name":"Estudios","item":"https:\/\/www.inshotturcambrils.com\/es\/estudios\/"},{"@type":"ListItem","position":3,"name":"PTT Auxiliar de ventas, oficina y atenci\u00f3n al p\u00fablico"}]},{"@type":"WebSite","@id":"https:\/\/www.inshotturcambrils.com\/#website","url":"https:\/\/www.inshotturcambrils.com\/","name":"Institut Escola d&#039;Hoteleria i Turisme de Cambrils","description":"Formaci\u00f3 Professional en hoteleria, turisme i ind\u00fastries aliment\u00e0ries de Cambrils, d\u2019Europa i del m\u00f3n.","potentialAction":[{"@type":"SearchAction","target":{"@type":"EntryPoint","urlTemplate":"https:\/\/www.inshotturcambrils.com\/?s={search_term_string}"},"query-input":{"@type":"PropertyValueSpecification","valueRequired":true,"valueName":"search_term_string"}}],"inLanguage":"es"}]}},"_links":{"self":[{"href":"https:\/\/www.inshotturcambrils.com\/es\/wp-json\/wp\/v2\/pages\/7281","targetHints":{"allow":["GET"]}}],"collection":[{"href":"https:\/\/www.inshotturcambrils.com\/es\/wp-json\/wp\/v2\/pages"}],"about":[{"href":"https:\/\/www.inshotturcambrils.com\/es\/wp-json\/wp\/v2\/types\/page"}],"author":[{"embeddable":true,"href":"https:\/\/www.inshotturcambrils.com\/es\/wp-json\/wp\/v2\/users\/1"}],"replies":[{"embeddable":true,"href":"https:\/\/www.inshotturcambrils.com\/es\/wp-json\/wp\/v2\/comments?post=7281"}],"version-history":[{"count":0,"href":"https:\/\/www.inshotturcambrils.com\/es\/wp-json\/wp\/v2\/pages\/7281\/revisions"}],"up":[{"embeddable":true,"href":"https:\/\/www.inshotturcambrils.com\/es\/wp-json\/wp\/v2\/pages\/7182"}],"wp:featuredmedia":[{"embeddable":true,"href":"https:\/\/www.inshotturcambrils.com\/es\/wp-json\/wp\/v2\/media\/7282"}],"wp:attachment":[{"href":"https:\/\/www.inshotturcambrils.com\/es\/wp-json\/wp\/v2\/media?parent=7281"}],"curies":[{"name":"wp","href":"https:\/\/api.w.org\/{rel}","templated":true}]}}